{"id":1318,"date":"2021-09-23T22:32:55","date_gmt":"2021-09-24T04:32:55","guid":{"rendered":"https:\/\/www.trajeselegant.com\/nuevo\/?page_id=1318"},"modified":"2021-11-03T00:22:08","modified_gmt":"2021-11-03T06:22:08","slug":"faq","status":"publish","type":"page","link":"https:\/\/www.trajeselegant.com\/nuevo\/faq\/","title":{"rendered":"Faq"},"content":{"rendered":"<p>[vc_row][vc_column][vc_column_text]<\/p>\n\n<p style=\"text-align: justify;\"><strong><img loading=\"lazy\" decoding=\"async\" class=\"wp-image-1165 size-full aligncenter\" src=\"https:\/\/www.trajeselegant.com\/nuevo\/wp-content\/uploads\/2021\/09\/2931_1245436461_papanovios.jpg\" alt=\"\" width=\"578\" height=\"155\" srcset=\"https:\/\/www.trajeselegant.com\/nuevo\/wp-content\/uploads\/2021\/09\/2931_1245436461_papanovios.jpg 578w, https:\/\/www.trajeselegant.com\/nuevo\/wp-content\/uploads\/2021\/09\/2931_1245436461_papanovios-300x80.jpg 300w, https:\/\/www.trajeselegant.com\/nuevo\/wp-content\/uploads\/2021\/09\/2931_1245436461_papanovios-370x99.jpg 370w\" sizes=\"auto, (max-width: 578px) 100vw, 578px\" \/><\/strong><\/p>\n<p style=\"text-align: justify;\"><strong>1. \u00bfCon cu\u00e1nto tiempo de anticipaci\u00f3n\u00a0 es necesario ir a la tienda para reservar el alquiler de un traje?<\/strong><\/p>\n\n\n<p style=\"text-align: justify;\">Se recomienda\u00a0 reservar su traje en un lapso de 1 mes\u00a0 a 4 meses antes anticipaci\u00f3n, seg\u00fan su planeaci\u00f3n para asegurar tu talla, modelo y de esa manera\u00a0 problemas de stock. No obstante\u00a0 si por alguna situaci\u00f3n especial necesitas reservarlo con m\u00e1s anticipaci\u00f3n\u00a0 cuenta con nosotros, as\u00ed como emergencias de ultimo momento.<\/p>\n\n\n<p style=\"text-align: justify;\"><strong>2. \u00bfCu\u00e1nto \u00a0tiempo comprende el alquiler de un traje?<\/strong><\/p>\n\n\n<p style=\"text-align: justify;\">Normalmente los eventos son los d\u00edas s\u00e1bado, partiendo de esto el periodo del alquiler comprende desde el jueves a partir de las 2pm hasta el lunes \u00a0despu\u00e9s de las\u00a0 10am. En caso de no ser un d\u00eda s\u00e1bado conversar\u00edamos\u00a0 en la tienda a cerca del d\u00eda en que se recoge el traje y se devuelve.<\/p>\n\n\n<p style=\"text-align: justify;\"><strong>3. \u00bfA partir de que \u00a0tallas disponibles para el alquiler?<\/strong><\/p>\n\n\n<p style=\"text-align: justify;\">Nuestra tienda maneje a partir de talla 2 a 54.<\/p>\n\n\n<p style=\"text-align: justify;\"><strong>4. Tengo un pariente o amigo \u00a0que vive fuera del pa\u00eds \u00a0y viene a pocos d\u00edas de \u00a0a la actividad \u00bfqu\u00e9 puedo hacer para\u00a0 reservar el traje?<\/strong><\/p>\n\n\n<p style=\"text-align: justify;\">Para evitar inconvenientes de \u00faltimo momento y \u00a0quedarse sin traje, se recomienda que nos lo avisen con tiempo, y les indicaremos \u00a0qu\u00e9 medidas nos tienen que facilitar para poder llevar reservar \u00a0el traje<strong>.<\/strong><\/p>\n\n\n<p style=\"text-align: justify;\"><strong>5. \u00bfQu\u00e9 tipo de accesorios trae el traje?<\/strong><\/p>\n\n\n<p style=\"text-align: justify;\">Proveemos\u00a0 los accesorios necesarios para combinarlos con los trajes de acuerdo a la ocasi\u00f3n. Mantenemos un amplio stock de estos elementos indispensables para hacer lucir el traje, desde camisas,\u00a0 corbatas, corbatines, chalecos, plastrones y m\u00e1s.<\/p>\n\n\n<p style=\"text-align: justify;\"><strong>6. \u00bfEs necesario llevar \u00a0el traje despu\u00e9s de haberlo utilizado a la lavander\u00eda? \u00bfc\u00f3mo lo tengo que devolver?<\/strong><\/p>\n\n\n<p style=\"text-align: justify;\">No es necesario mandarlo a lavander\u00eda el costo ya est\u00e1 incluido<\/p>\n\n\n<p style=\"text-align: justify;\">La devoluci\u00f3n se debe realizar junto con la gancho\u00a0 y el cobertor del traje.<\/p>\n\n\n<p style=\"text-align: justify;\"><strong>7. \u00bfSe puede pagar con tarjeta?<\/strong><\/p>\n\n\n<p style=\"text-align: justify;\">Nuestra tienda acepta todas las tarjetas menos American Expres para el pago del alquiler del traje.<\/p>\n\n\n<p style=\"text-align: justify;\"><strong>8. \u00bfEn qu\u00e9 momento \u00a0se debe realizar el pago para que el traje quede \u00a0reservado para mi evento?<\/strong><\/p>\n\n\n<p style=\"text-align: justify;\">Se puede reservar con la mitad del costo o su totalidad el d\u00eda que nos visites<\/p>\n\n\n<p style=\"text-align: justify;\"><strong>9. \u00bfRealizan \u00a0descuento en el precio por un grupo?<\/strong><\/p>\n\n\n<p style=\"text-align: justify;\">Al ser una cantidad 5 personas en cualquiera de las tiendas, se le aplicara un descuento especial que convendremos en la tienda.<\/p>\n\n\n<p style=\"text-align: justify;\"><strong>10. \u00bfTienen alg\u00fan tipo de traje para ni\u00f1os?<\/strong><\/p>\n\n\n<p style=\"text-align: justify;\">Si disponemos alquiler de trajes para ni\u00f1o\u00a0 a partir de 2 a\u00f1os de edad.<\/p>\n\n<p>&nbsp;<\/p>\n<p>[\/vc_column_text][\/vc_column][\/vc_row]<\/p>\n","protected":false},"excerpt":{"rendered":"<p>[vc_row][vc_column][vc_column_text] 1. \u00bfCon cu\u00e1nto tiempo de anticipaci\u00f3n\u00a0 es necesario ir a la tienda para reservar el alquiler de un traje? Se recomienda\u00a0 reservar su traje en un lapso de 1 mes\u00a0 a 4 meses antes anticipaci\u00f3n, seg\u00fan su planeaci\u00f3n para asegurar tu talla, modelo y de esa manera\u00a0 problemas de stock. No obstante\u00a0 si por alguna situaci\u00f3n especial necesitas reservarlo&hellip;<\/p>\n","protected":false},"author":1,"featured_media":0,"parent":0,"menu_order":0,"comment_status":"closed","ping_status":"closed","template":"","meta":{"_joinchat":[],"footnotes":""},"class_list":["post-1318","page","type-page","status-publish","hentry"],"_links":{"self":[{"href":"https:\/\/www.trajeselegant.com\/nuevo\/wp-json\/wp\/v2\/pages\/1318","targetHints":{"allow":["GET"]}}],"collection":[{"href":"https:\/\/www.trajeselegant.com\/nuevo\/wp-json\/wp\/v2\/pages"}],"about":[{"href":"https:\/\/www.trajeselegant.com\/nuevo\/wp-json\/wp\/v2\/types\/page"}],"author":[{"embeddable":true,"href":"https:\/\/www.trajeselegant.com\/nuevo\/wp-json\/wp\/v2\/users\/1"}],"replies":[{"embeddable":true,"href":"https:\/\/www.trajeselegant.com\/nuevo\/wp-json\/wp\/v2\/comments?post=1318"}],"version-history":[{"count":4,"href":"https:\/\/www.trajeselegant.com\/nuevo\/wp-json\/wp\/v2\/pages\/1318\/revisions"}],"predecessor-version":[{"id":1530,"href":"https:\/\/www.trajeselegant.com\/nuevo\/wp-json\/wp\/v2\/pages\/1318\/revisions\/1530"}],"wp:attachment":[{"href":"https:\/\/www.trajeselegant.com\/nuevo\/wp-json\/wp\/v2\/media?parent=1318"}],"curies":[{"name":"wp","href":"https:\/\/api.w.org\/{rel}","templated":true}]}}